{"id":3480,"date":"2020-10-18T19:11:27","date_gmt":"2020-10-18T17:11:27","guid":{"rendered":"http:\/\/aeroclub-creil.org\/?page_id=3480"},"modified":"2020-10-18T19:11:27","modified_gmt":"2020-10-18T17:11:27","slug":"le-brevet-dinitiation-aeronautique-bia","status":"publish","type":"page","link":"https:\/\/aeroclubduvalois.fr\/index.php\/le-brevet-dinitiation-aeronautique-bia\/","title":{"rendered":"Le Brevet d&#8217;Initiation A\u00e9ronautique, BIA"},"content":{"rendered":"<p>Ce dipl\u00f4me est d\u00e9livr\u00e9 conjointement par les minist\u00e8res de l&#8217;\u00c9ducation nationale et des Transports.<br \/>\nIl cl\u00f4ture une formation de culture g\u00e9n\u00e9rale en a\u00e9ronautique, d\u00e9livr\u00e9e au sein d&#8217;un \u00e9tablissement scolaire, et une formation pratique, r\u00e9alis\u00e9e en a\u00e9ro-club.<br \/>\nIl permet la d\u00e9livrance de l&#8217;<a title=\"L\u2019Autorisation de Base LAPL \u2013 ABL\" href=\"http:\/\/aeroclubduvalois.fr\/?page_id=3473\">ABL<\/a>, d&#8217;obtenir des bourses facilitant l&#8217;accession au <a title=\"La Licence de Pilote Priv\u00e9 Avion \u2013 PPL(A)\" href=\"http:\/\/aeroclubduvalois.fr\/?page_id=67\">PPL(A)<\/a>.<\/p>\n","protected":false},"excerpt":{"rendered":"<p>Ce dipl\u00f4me est d\u00e9livr\u00e9 conjointement par les minist\u00e8res de l&#8217;\u00c9ducation nationale et des Transports. Il cl\u00f4ture une formation de culture g\u00e9n\u00e9rale en a\u00e9ronautique, d\u00e9livr\u00e9e au sein d&#8217;un \u00e9tablissement scolaire, et &hellip; <\/p>\n<p class=\"link-more\"><a href=\"https:\/\/aeroclubduvalois.fr\/index.php\/le-brevet-dinitiation-aeronautique-bia\/\" class=\"more-link\">Lire la suite de<span class=\"screen-reader-text\">\u00ab\u00a0Le Brevet d&#8217;Initiation A\u00e9ronautique, BIA\u00a0\u00bb<\/span><\/a><\/p>\n","protected":false},"author":1,"featured_media":0,"parent":0,"menu_order":0,"comment_status":"closed","ping_status":"closed","template":"","meta":{"inspiro_hide_title":false,"footnotes":""},"class_list":["post-3480","page","type-page","status-publish","hentry"],"_links":{"self":[{"href":"https:\/\/aeroclubduvalois.fr\/index.php\/wp-json\/wp\/v2\/pages\/3480","targetHints":{"allow":["GET"]}}],"collection":[{"href":"https:\/\/aeroclubduvalois.fr\/index.php\/wp-json\/wp\/v2\/pages"}],"about":[{"href":"https:\/\/aeroclubduvalois.fr\/index.php\/wp-json\/wp\/v2\/types\/page"}],"author":[{"embeddable":true,"href":"https:\/\/aeroclubduvalois.fr\/index.php\/wp-json\/wp\/v2\/users\/1"}],"replies":[{"embeddable":true,"href":"https:\/\/aeroclubduvalois.fr\/index.php\/wp-json\/wp\/v2\/comments?post=3480"}],"version-history":[{"count":0,"href":"https:\/\/aeroclubduvalois.fr\/index.php\/wp-json\/wp\/v2\/pages\/3480\/revisions"}],"wp:attachment":[{"href":"https:\/\/aeroclubduvalois.fr\/index.php\/wp-json\/wp\/v2\/media?parent=3480"}],"curies":[{"name":"wp","href":"https:\/\/api.w.org\/{rel}","templated":true}]}}