{"id":3367,"date":"2020-05-24T22:05:58","date_gmt":"2020-05-24T20:05:58","guid":{"rendered":"http:\/\/aeroclub-creil.org\/?page_id=3367"},"modified":"2020-05-24T22:05:58","modified_gmt":"2020-05-24T20:05:58","slug":"dispositions-reglementaires","status":"publish","type":"page","link":"https:\/\/aeroclubduvalois.fr\/index.php\/dispositions-reglementaires\/","title":{"rendered":"COVID &#8211; Dispositions r\u00e9glementaires"},"content":{"rendered":"<p>Apr\u00e8s consultation et propositions de Patrick LOUIS, responsable p\u00e9dagogique, et de Gilles VAN DER GOES, notre Chef Pilote, il est apparu utile de vous faire un r\u00e9sum\u00e9 des dispositions r\u00e9glementaires :<\/p>\n<p><strong>Qualifications de classe ou de type (SEP)<br \/>\n<\/strong><\/p>\n<p style=\"padding-left: 30px;\">La p\u00e9riode de validit\u00e9 est prolong\u00e9e de 8 mois \u00e0 compter de la date initiale d&#8217;expiration ou jusqu&#8217;au 31 d\u00e9cembre 2020, \u00e0 la premi\u00e8re \u00e9ch\u00e9ance des deux. Pour cela, il faut v\u00e9rifier que votre licence \u00e9tait encore valable au 16 mars 2020, condition sine qua non. De plus, il faudra avoir re\u00e7u un briefing de la part d&#8217;un instructeur sur les man\u0153uvres et proc\u00e9dures pertinentes (normales ou anormales).<\/p>\n<p><strong>Exp\u00e9rience r\u00e9cente (LAPL ou PPL)<br \/>\n<\/strong><\/p>\n<p style=\"padding-left: 30px;\">Si vous pouvez faire \u00e9tat de 3 atterrissages et 3 d\u00e9collages dans les 90 jours pr\u00e9c\u00e9dant votre vol de reprise: vous pouvez reprendre les vols. Toutefois, pour la majorit\u00e9 d&#8217;entre nous,\u00a0 il faudra faire le vol de reprise, soit en solo et de n\u2019emmener des passagers qu\u2019une fois ce vol de reprise effectu\u00e9, soit avec un FI, soit enfin recevoir un briefing de la part d\u2019un FI avant votre vol. Une attention particuli\u00e8re est\u00a0 \u00e0 porter sur l\u2019aspect r\u00e9glementaire de ces dispositions, et notamment sur le point particulier de la r\u00e9vision des man\u0153uvres et proc\u00e9dures.<\/p>\n<p style=\"padding-left: 30px;\">Si vous ne pouvez pas ou ne souhaitez pas voler avec un FI, vous devrez avoir revu le plus s\u00e9rieusement possible ces items. Dans ce cas, vous \u00eates responsables de votre maintien de comp\u00e9tences et vous vous engagez personnellement.<\/p>\n<p style=\"padding-left: 30px;\">Conclusion : Ce red\u00e9marrage serait l&#8217;occasion de renouer le contact entre les FI et les pilotes brevet\u00e9s ou en progression, et \u00e9galement d&#8217;aborder un ou plusieurs sujets qui vous pr\u00e9occuperaient avant de repartir voler.<\/p>\n<p><strong>Validit\u00e9 de la visite m\u00e9dicale<br \/>\n<\/strong><\/p>\n<p style=\"padding-left: 30px;\">La date de validit\u00e9 du certificat m\u00e9dical est prolong\u00e9e de 4 mois \u00e0 compter de la date initiale d&#8217;expiration ou jusqu&#8217;au 31 d\u00e9cembre 2020, \u00e0 la premi\u00e8re des deux \u00e9ch\u00e9ances. L\u00e0 encore, il faudra v\u00e9rifier que votre certificat m\u00e9dical \u00e9tait bien valide \u00e0 la date du 16 mars 2020.<\/p>\n<p><strong>Vos instructeurs<\/strong><\/p>\n<p style=\"padding-left: 30px;\">Sur le planning de r\u00e9servation, vous verrez les disponibilit\u00e9s de Michel Serrurier, ce\u00a0 qui permettra de trouver un cr\u00e9neau commun pour votre vol de reprise.<\/p>\n<p style=\"padding-left: 30px;\">Si vous le souhaitez, faites appel \u00e9galement \u00e0 :<\/p>\n<ul>\n<li>Gilles Van Der Goes\u00a0:\u00a0\u00a0\u00a0\u00a0 0617154448<\/li>\n<li>St\u00e9phane Basset\u00a0:\u00a0\u00a0\u00a0\u00a0\u00a0\u00a0\u00a0\u00a0\u00a0\u00a0 0685042796<\/li>\n<li>Patrick Louis\u00a0:\u00a0\u00a0\u00a0 0679854993<\/li>\n<li>Jean Michel Sinet\u00a0:\u00a0\u00a0\u00a0\u00a0\u00a0\u00a0\u00a0\u00a0 0763532583\u00a0\u00a0 sera disponible tous les apr\u00e8s-midi<\/li>\n<\/ul>\n","protected":false},"excerpt":{"rendered":"<p>Apr\u00e8s consultation et propositions de Patrick LOUIS, responsable p\u00e9dagogique, et de Gilles VAN DER GOES, notre Chef Pilote, il est apparu utile de vous faire un r\u00e9sum\u00e9 des dispositions r\u00e9glementaires &hellip; <\/p>\n<p class=\"link-more\"><a href=\"https:\/\/aeroclubduvalois.fr\/index.php\/dispositions-reglementaires\/\" class=\"more-link\">Lire la suite de<span class=\"screen-reader-text\">\u00ab\u00a0COVID &#8211; Dispositions r\u00e9glementaires\u00a0\u00bb<\/span><\/a><\/p>\n","protected":false},"author":6,"featured_media":0,"parent":0,"menu_order":0,"comment_status":"closed","ping_status":"closed","template":"","meta":{"inspiro_hide_title":false,"footnotes":""},"class_list":["post-3367","page","type-page","status-publish","hentry"],"_links":{"self":[{"href":"https:\/\/aeroclubduvalois.fr\/index.php\/wp-json\/wp\/v2\/pages\/3367","targetHints":{"allow":["GET"]}}],"collection":[{"href":"https:\/\/aeroclubduvalois.fr\/index.php\/wp-json\/wp\/v2\/pages"}],"about":[{"href":"https:\/\/aeroclubduvalois.fr\/index.php\/wp-json\/wp\/v2\/types\/page"}],"author":[{"embeddable":true,"href":"https:\/\/aeroclubduvalois.fr\/index.php\/wp-json\/wp\/v2\/users\/6"}],"replies":[{"embeddable":true,"href":"https:\/\/aeroclubduvalois.fr\/index.php\/wp-json\/wp\/v2\/comments?post=3367"}],"version-history":[{"count":0,"href":"https:\/\/aeroclubduvalois.fr\/index.php\/wp-json\/wp\/v2\/pages\/3367\/revisions"}],"wp:attachment":[{"href":"https:\/\/aeroclubduvalois.fr\/index.php\/wp-json\/wp\/v2\/media?parent=3367"}],"curies":[{"name":"wp","href":"https:\/\/api.w.org\/{rel}","templated":true}]}}